{"id":8462,"date":"2022-06-22T07:10:07","date_gmt":"2022-06-22T07:10:07","guid":{"rendered":"https:\/\/tripahead.cz\/?page_id=8462"},"modified":"2026-02-16T21:11:40","modified_gmt":"2026-02-16T21:11:40","slug":"aktuality","status":"publish","type":"page","link":"https:\/\/tripahead.cz\/en\/aktuality\/","title":{"rendered":"Aktuality a tipy"},"content":{"rendered":"<div data-elementor-type=\"wp-page\" data-elementor-id=\"8462\" class=\"elementor elementor-8462\">\n\t\t\t\t\t\t<section class=\"elementor-section elementor-top-section elementor-element elementor-element-7ef8bf8 elementor-section-full_width qodef-elementor-content-grid elementor-section-height-default elementor-section-height-default\" data-id=\"7ef8bf8\" data-element_type=\"section\" data-e-type=\"section\">\n\t\t\t\t\t\t<div class=\"elementor-container elementor-column-gap-default\">\n\t\t\t\t\t<div class=\"elementor-column elementor-col-100 elementor-top-column elementor-element elementor-element-e4c0baa\" data-id=\"e4c0baa\" data-element_type=\"column\" data-e-type=\"column\">\n\t\t\t<div class=\"elementor-widget-wrap elementor-element-populated\">\n\t\t\t\t\t\t<div class=\"elementor-element elementor-element-48f0412 elementor-grid-3 elementor-grid-tablet-2 elementor-grid-mobile-1 elementor-posts--thumbnail-top elementor-widget elementor-widget-posts\" data-id=\"48f0412\" data-element_type=\"widget\" data-e-type=\"widget\" data-settings=\"{&quot;classic_columns&quot;:&quot;3&quot;,&quot;classic_columns_tablet&quot;:&quot;2&quot;,&quot;classic_columns_mobile&quot;:&quot;1&quot;,&quot;classic_row_gap&quot;:{&quot;unit&quot;:&quot;px&quot;,&quot;size&quot;:35,&quot;sizes&quot;:[]},&quot;classic_row_gap_tablet&quot;:{&quot;unit&quot;:&quot;px&quot;,&quot;size&quot;:&quot;&quot;,&quot;sizes&quot;:[]},&quot;classic_row_gap_mobile&quot;:{&quot;unit&quot;:&quot;px&quot;,&quot;size&quot;:&quot;&quot;,&quot;sizes&quot;:[]}}\" data-widget_type=\"posts.classic\">\n\t\t\t\t<div class=\"elementor-widget-container\">\n\t\t\t\t\t\t\t<div class=\"elementor-posts-container elementor-posts elementor-posts--skin-classic elementor-grid\">\n\t\t\t\t<article class=\"elementor-post elementor-grid-item post-9658 post type-post status-publish format-standard has-post-thumbnail hentry category-aktuality\">\n\t\t\t\t<a class=\"elementor-post__thumbnail__link\" href=\"https:\/\/tripahead.cz\/en\/staci-na-karavan-obytny-prives-ridicak-b\/\" >\n\t\t\t<div class=\"elementor-post__thumbnail\"><img fetchpriority=\"high\" decoding=\"async\" width=\"1024\" height=\"768\" src=\"https:\/\/tripahead.cz\/wp-content\/uploads\/2026\/03\/foto_ridicak-na-karavan-1024x768.jpeg\" class=\"attachment-large size-large wp-image-9659\" alt=\"\" srcset=\"https:\/\/tripahead.cz\/wp-content\/uploads\/2026\/03\/foto_ridicak-na-karavan-1024x768.jpeg 1024w, https:\/\/tripahead.cz\/wp-content\/uploads\/2026\/03\/foto_ridicak-na-karavan-300x225.jpeg 300w, https:\/\/tripahead.cz\/wp-content\/uploads\/2026\/03\/foto_ridicak-na-karavan-768x576.jpeg 768w, https:\/\/tripahead.cz\/wp-content\/uploads\/2026\/03\/foto_ridicak-na-karavan-1536x1152.jpeg 1536w, https:\/\/tripahead.cz\/wp-content\/uploads\/2026\/03\/foto_ridicak-na-karavan-2048x1536.jpeg 2048w, https:\/\/tripahead.cz\/wp-content\/uploads\/2026\/03\/foto_ridicak-na-karavan-16x12.jpeg 16w\" sizes=\"(max-width: 1024px) 100vw, 1024px\" \/><\/div>\n\t\t<\/a>\n\t\t\t\t<div class=\"elementor-post__text\">\n\t\t\t\t<h3 class=\"elementor-post__title\">\n\t\t\t<a href=\"https:\/\/tripahead.cz\/en\/staci-na-karavan-obytny-prives-ridicak-b\/\" >\n\t\t\t\tSta\u010d\u00ed na karavan (obytn\u00fd p\u0159\u00edv\u011bs) \u0159idi\u010d\u00e1k B?\t\t\t<\/a>\n\t\t<\/h3>\n\t\t\t\t<div class=\"elementor-post__excerpt\">\n\t\t\t<p>To je velmi \u010dast\u00fd dotaz na\u0161ich z\u00e1kazn\u00edk\u016f, proto jsme pro v\u00e1s tuto problematiku p\u0159ehledn\u011b shrnuli. V\u017edy z\u00e1vis\u00ed na kombinaci n\u00e1sleduj\u00edc\u00edch<\/p>\n\t\t<\/div>\n\t\t\n\t\t<a class=\"elementor-post__read-more\" href=\"https:\/\/tripahead.cz\/en\/staci-na-karavan-obytny-prives-ridicak-b\/\" >\n\t\t\tZobrazit v\u00edce \u00bb\t\t<\/a>\n\n\t\t\t\t<\/div>\n\t\t\t\t<\/article>\n\t\t\t\t<article class=\"elementor-post elementor-grid-item post-9664 post type-post status-publish format-standard has-post-thumbnail hentry category-aktuality\">\n\t\t\t\t<a class=\"elementor-post__thumbnail__link\" href=\"https:\/\/tripahead.cz\/en\/straznice-kveten-2025\/\" >\n\t\t\t<div class=\"elementor-post__thumbnail\"><img decoding=\"async\" width=\"768\" height=\"1024\" src=\"https:\/\/tripahead.cz\/wp-content\/uploads\/2026\/03\/0-768x1024.jpeg\" class=\"attachment-large size-large wp-image-9666\" alt=\"\" srcset=\"https:\/\/tripahead.cz\/wp-content\/uploads\/2026\/03\/0-768x1024.jpeg 768w, https:\/\/tripahead.cz\/wp-content\/uploads\/2026\/03\/0-225x300.jpeg 225w, https:\/\/tripahead.cz\/wp-content\/uploads\/2026\/03\/0-1152x1536.jpeg 1152w, https:\/\/tripahead.cz\/wp-content\/uploads\/2026\/03\/0-1536x2048.jpeg 1536w, https:\/\/tripahead.cz\/wp-content\/uploads\/2026\/03\/0-9x12.jpeg 9w, https:\/\/tripahead.cz\/wp-content\/uploads\/2026\/03\/0-scaled.jpeg 1920w\" sizes=\"(max-width: 768px) 100vw, 768px\" \/><\/div>\n\t\t<\/a>\n\t\t\t\t<div class=\"elementor-post__text\">\n\t\t\t\t<h3 class=\"elementor-post__title\">\n\t\t\t<a href=\"https:\/\/tripahead.cz\/en\/straznice-kveten-2025\/\" >\n\t\t\t\tStr\u00e1\u017enice \u2013 kv\u011bten 2025\t\t\t<\/a>\n\t\t<\/h3>\n\t\t\t\t<div class=\"elementor-post__excerpt\">\n\t\t\t<p>Camp Str\u00e1\u017enice m\u00e1 naprosto ide\u00e1ln\u00ed polohu jako z\u00e1kladna pro p\u011b\u0161\u00ed, cyklo i plavebn\u00ed v\u00fdlety. Je sice v\u00a0retro stylu, ale v\u0161ude<\/p>\n\t\t<\/div>\n\t\t\n\t\t<a class=\"elementor-post__read-more\" href=\"https:\/\/tripahead.cz\/en\/straznice-kveten-2025\/\" >\n\t\t\tZobrazit v\u00edce \u00bb\t\t<\/a>\n\n\t\t\t\t<\/div>\n\t\t\t\t<\/article>\n\t\t\t\t<article class=\"elementor-post elementor-grid-item post-8751 post type-post status-publish format-standard has-post-thumbnail hentry category-aktuality\">\n\t\t\t\t<a class=\"elementor-post__thumbnail__link\" href=\"https:\/\/tripahead.cz\/en\/jeseniky-srpen-2024\/\" >\n\t\t\t<div class=\"elementor-post__thumbnail\"><img decoding=\"async\" width=\"1024\" height=\"768\" src=\"https:\/\/tripahead.cz\/wp-content\/uploads\/2022\/06\/0_uvodni-1024x768.jpeg\" class=\"attachment-large size-large wp-image-9346\" alt=\"\" srcset=\"https:\/\/tripahead.cz\/wp-content\/uploads\/2022\/06\/0_uvodni-1024x768.jpeg 1024w, https:\/\/tripahead.cz\/wp-content\/uploads\/2022\/06\/0_uvodni-300x225.jpeg 300w, https:\/\/tripahead.cz\/wp-content\/uploads\/2022\/06\/0_uvodni-768x576.jpeg 768w, https:\/\/tripahead.cz\/wp-content\/uploads\/2022\/06\/0_uvodni-1536x1152.jpeg 1536w, https:\/\/tripahead.cz\/wp-content\/uploads\/2022\/06\/0_uvodni-2048x1536.jpeg 2048w, https:\/\/tripahead.cz\/wp-content\/uploads\/2022\/06\/0_uvodni-16x12.jpeg 16w\" sizes=\"(max-width: 1024px) 100vw, 1024px\" \/><\/div>\n\t\t<\/a>\n\t\t\t\t<div class=\"elementor-post__text\">\n\t\t\t\t<h3 class=\"elementor-post__title\">\n\t\t\t<a href=\"https:\/\/tripahead.cz\/en\/jeseniky-srpen-2024\/\" >\n\t\t\t\tJesen\u00edky &#8211; srpen 2024\t\t\t<\/a>\n\t\t<\/h3>\n\t\t\t\t<div class=\"elementor-post__excerpt\">\n\t\t\t<p>V\u00a0Jesen\u00edk\u00e1ch jsme str\u00e1vili posledn\u00edch p\u00e1r pr\u00e1zdninov\u00fdch dn\u00ed, vzhledem k\u00a0poloze jsme si vybrali Autocamping Bobrovn\u00edk u Jesen\u00edku. Kemp je sice retro,<\/p>\n\t\t<\/div>\n\t\t\n\t\t<a class=\"elementor-post__read-more\" href=\"https:\/\/tripahead.cz\/en\/jeseniky-srpen-2024\/\" >\n\t\t\tZobrazit v\u00edce \u00bb\t\t<\/a>\n\n\t\t\t\t<\/div>\n\t\t\t\t<\/article>\n\t\t\t\t<article class=\"elementor-post elementor-grid-item post-9378 post type-post status-publish format-standard has-post-thumbnail hentry category-aktuality\">\n\t\t\t\t<a class=\"elementor-post__thumbnail__link\" href=\"https:\/\/tripahead.cz\/en\/madarsko-termaly-papa-cerven-2024\/\" >\n\t\t\t<div class=\"elementor-post__thumbnail\"><img loading=\"lazy\" decoding=\"async\" width=\"1024\" height=\"768\" src=\"https:\/\/tripahead.cz\/wp-content\/uploads\/2026\/02\/0_uvodni-1024x768.jpeg\" class=\"attachment-large size-large wp-image-9379\" alt=\"\" srcset=\"https:\/\/tripahead.cz\/wp-content\/uploads\/2026\/02\/0_uvodni-1024x768.jpeg 1024w, https:\/\/tripahead.cz\/wp-content\/uploads\/2026\/02\/0_uvodni-300x225.jpeg 300w, https:\/\/tripahead.cz\/wp-content\/uploads\/2026\/02\/0_uvodni-768x576.jpeg 768w, https:\/\/tripahead.cz\/wp-content\/uploads\/2026\/02\/0_uvodni-16x12.jpeg 16w, https:\/\/tripahead.cz\/wp-content\/uploads\/2026\/02\/0_uvodni.jpeg 1440w\" sizes=\"(max-width: 1024px) 100vw, 1024px\" \/><\/div>\n\t\t<\/a>\n\t\t\t\t<div class=\"elementor-post__text\">\n\t\t\t\t<h3 class=\"elementor-post__title\">\n\t\t\t<a href=\"https:\/\/tripahead.cz\/en\/madarsko-termaly-papa-cerven-2024\/\" >\n\t\t\t\tMa\u010farsko &#8211; term\u00e1ly P\u00e1pa &#8211; \u010derven 2024\t\t\t<\/a>\n\t\t<\/h3>\n\t\t\t\t<div class=\"elementor-post__excerpt\">\n\t\t\t<p>V\u00a0r\u00e1mci testov\u00e1n\u00ed na\u0161\u00ed leto\u0161n\u00ed novinky \u2013 karavanu Knaus Sport Premium Line \u2013 jsme tentokr\u00e1t zap\u0159\u00e1hli. Abychom se vyhnuli d\u00e1lni\u010dn\u00edm poplatk\u016fm<\/p>\n\t\t<\/div>\n\t\t\n\t\t<a class=\"elementor-post__read-more\" href=\"https:\/\/tripahead.cz\/en\/madarsko-termaly-papa-cerven-2024\/\" >\n\t\t\tZobrazit v\u00edce \u00bb\t\t<\/a>\n\n\t\t\t\t<\/div>\n\t\t\t\t<\/article>\n\t\t\t\t<article class=\"elementor-post elementor-grid-item post-9489 post type-post status-publish format-standard has-post-thumbnail hentry category-aktuality\">\n\t\t\t\t<a class=\"elementor-post__thumbnail__link\" href=\"https:\/\/tripahead.cz\/en\/slovensko-mala-fatra-kveten-2024\/\" >\n\t\t\t<div class=\"elementor-post__thumbnail\"><img loading=\"lazy\" decoding=\"async\" width=\"1024\" height=\"768\" src=\"https:\/\/tripahead.cz\/wp-content\/uploads\/2026\/02\/0_uvodni-1-1024x768.jpeg\" class=\"attachment-large size-large wp-image-9390\" alt=\"\" srcset=\"https:\/\/tripahead.cz\/wp-content\/uploads\/2026\/02\/0_uvodni-1-1024x768.jpeg 1024w, https:\/\/tripahead.cz\/wp-content\/uploads\/2026\/02\/0_uvodni-1-300x225.jpeg 300w, https:\/\/tripahead.cz\/wp-content\/uploads\/2026\/02\/0_uvodni-1-768x576.jpeg 768w, https:\/\/tripahead.cz\/wp-content\/uploads\/2026\/02\/0_uvodni-1-16x12.jpeg 16w, https:\/\/tripahead.cz\/wp-content\/uploads\/2026\/02\/0_uvodni-1.jpeg 1440w\" sizes=\"(max-width: 1024px) 100vw, 1024px\" \/><\/div>\n\t\t<\/a>\n\t\t\t\t<div class=\"elementor-post__text\">\n\t\t\t\t<h3 class=\"elementor-post__title\">\n\t\t\t<a href=\"https:\/\/tripahead.cz\/en\/slovensko-mala-fatra-kveten-2024\/\" >\n\t\t\t\tSlovensko \u2013 Mal\u00e1 Fatra &#8211; kv\u011bten 2024\t\t\t<\/a>\n\t\t<\/h3>\n\t\t\t\t<div class=\"elementor-post__excerpt\">\n\t\t\t<p>Pro kr\u00e1tk\u00fd v\u00fdlet obyt\u0148\u00e1kem \u201ena divoko\u201c jsme zvolili bl\u00edzk\u00fd c\u00edl \u2013 Terchovou, kam se r\u00e1di vrac\u00edme. Parkovali jsme 2 noci<\/p>\n\t\t<\/div>\n\t\t\n\t\t<a class=\"elementor-post__read-more\" href=\"https:\/\/tripahead.cz\/en\/slovensko-mala-fatra-kveten-2024\/\" >\n\t\t\tZobrazit v\u00edce \u00bb\t\t<\/a>\n\n\t\t\t\t<\/div>\n\t\t\t\t<\/article>\n\t\t\t\t<article class=\"elementor-post elementor-grid-item post-9408 post type-post status-publish format-standard has-post-thumbnail hentry category-aktuality\">\n\t\t\t\t<a class=\"elementor-post__thumbnail__link\" href=\"https:\/\/tripahead.cz\/en\/dolni-rakousko-rax-rijen-2022\/\" >\n\t\t\t<div class=\"elementor-post__thumbnail\"><img loading=\"lazy\" decoding=\"async\" width=\"1024\" height=\"768\" src=\"https:\/\/tripahead.cz\/wp-content\/uploads\/2022\/10\/0_uvodni-1024x768.jpeg\" class=\"attachment-large size-large wp-image-9496\" alt=\"\" srcset=\"https:\/\/tripahead.cz\/wp-content\/uploads\/2022\/10\/0_uvodni-1024x768.jpeg 1024w, https:\/\/tripahead.cz\/wp-content\/uploads\/2022\/10\/0_uvodni-300x225.jpeg 300w, https:\/\/tripahead.cz\/wp-content\/uploads\/2022\/10\/0_uvodni-768x576.jpeg 768w, https:\/\/tripahead.cz\/wp-content\/uploads\/2022\/10\/0_uvodni-16x12.jpeg 16w, https:\/\/tripahead.cz\/wp-content\/uploads\/2022\/10\/0_uvodni.jpeg 1440w\" sizes=\"(max-width: 1024px) 100vw, 1024px\" \/><\/div>\n\t\t<\/a>\n\t\t\t\t<div class=\"elementor-post__text\">\n\t\t\t\t<h3 class=\"elementor-post__title\">\n\t\t\t<a href=\"https:\/\/tripahead.cz\/en\/dolni-rakousko-rax-rijen-2022\/\" >\n\t\t\t\tDoln\u00ed Rakousko &#8211; Rax &#8211; \u0159\u00edjen 2022\t\t\t<\/a>\n\t\t<\/h3>\n\t\t\t\t<div class=\"elementor-post__excerpt\">\n\t\t\t<p>Cesta z\u00a0Tluma\u010dova do Hirschwang an der Rax je dlouh\u00e1 asi 300 km a t\u00e9m\u011b\u0159 cel\u00e1 po d\u00e1lnici. P\u0159\u00edmo pod n\u00e1stupn\u00ed<\/p>\n\t\t<\/div>\n\t\t\n\t\t<a class=\"elementor-post__read-more\" href=\"https:\/\/tripahead.cz\/en\/dolni-rakousko-rax-rijen-2022\/\" >\n\t\t\tZobrazit v\u00edce \u00bb\t\t<\/a>\n\n\t\t\t\t<\/div>\n\t\t\t\t<\/article>\n\t\t\t\t<\/div>\n\n\n\t\t\n\t\t\t\t\t\t<\/div>\n\t\t\t\t<\/div>\n\t\t\t\t\t<\/div>\n\t\t<\/div>\n\t\t\t\t\t<\/div>\n\t\t<\/section>\n\t\t\t\t<\/div>","protected":false},"excerpt":{"rendered":"","protected":false},"author":1,"featured_media":0,"parent":0,"menu_order":0,"comment_status":"closed","ping_status":"closed","template":"page-full-width.php","meta":{"footnotes":"","_links_to":"","_links_to_target":""},"class_list":["post-8462","page","type-page","status-publish","hentry"],"yoast_head":"<!-- This site is optimized with the Yoast SEO plugin v27.4 - https:\/\/yoast.com\/product\/yoast-seo-wordpress\/ -->\n<title>Aktuality a tipy - Trip ahead<\/title>\n<meta name=\"description\" content=\"Zm\u011b\u0148te zp\u016fsob cestov\u00e1n\u00ed, bu\u010fte bl\u00ed\u017ee p\u0159\u00edrod\u011b. Jsme standartn\u00ed p\u016fj\u010dovna s vlastn\u00edmi obytn\u00fdmi vozy a karavany v Tluma\u010dov\u011b.\" \/>\n<meta name=\"robots\" content=\"index, follow, max-snippet:-1, max-image-preview:large, max-video-preview:-1\" \/>\n<link rel=\"canonical\" href=\"https:\/\/tripahead.cz\/en\/aktuality\/\" \/>\n<meta property=\"og:locale\" content=\"en_GB\" \/>\n<meta property=\"og:type\" content=\"article\" \/>\n<meta property=\"og:title\" content=\"Trip ahead p\u016fj\u010dovna obytn\u00fdch voz\u016f a karavan\u016f Tluma\u010dov\" \/>\n<meta property=\"og:description\" content=\"Zm\u011b\u0148te zp\u016fsob cestov\u00e1n\u00ed, bu\u010fte bl\u00ed\u017ee p\u0159\u00edrod\u011b. Jsme standartn\u00ed p\u016fj\u010dovna s vlastn\u00edmi obytn\u00fdmi vozy a karavany v Tluma\u010dov\u011b.\" \/>\n<meta property=\"og:url\" content=\"https:\/\/tripahead.cz\/en\/aktuality\/\" \/>\n<meta property=\"og:site_name\" content=\"Trip ahead\" \/>\n<meta property=\"article:publisher\" content=\"https:\/\/www.facebook.com\/Trip-ahead-pjovna-obytnch-aut-a-karavan-107844905267504\" \/>\n<meta property=\"article:modified_time\" content=\"2026-02-16T21:11:40+00:00\" \/>\n<meta property=\"og:image\" content=\"https:\/\/tripahead.cz\/wp-content\/uploads\/2022\/06\/IMG_9447-1-scaled.jpg\" \/>\n\t<meta property=\"og:image:width\" content=\"2560\" \/>\n\t<meta property=\"og:image:height\" content=\"1920\" \/>\n\t<meta property=\"og:image:type\" content=\"image\/jpeg\" \/>\n<meta name=\"twitter:card\" content=\"summary_large_image\" \/>\n<script type=\"application\/ld+json\" class=\"yoast-schema-graph\">{\"@context\":\"https:\\\/\\\/schema.org\",\"@graph\":[{\"@type\":\"WebPage\",\"@id\":\"https:\\\/\\\/tripahead.cz\\\/aktuality\\\/\",\"url\":\"https:\\\/\\\/tripahead.cz\\\/aktuality\\\/\",\"name\":\"Aktuality a tipy - Trip ahead\",\"isPartOf\":{\"@id\":\"https:\\\/\\\/tripahead.cz\\\/#website\"},\"datePublished\":\"2022-06-22T07:10:07+00:00\",\"dateModified\":\"2026-02-16T21:11:40+00:00\",\"description\":\"Zm\u011b\u0148te zp\u016fsob cestov\u00e1n\u00ed, bu\u010fte bl\u00ed\u017ee p\u0159\u00edrod\u011b. Jsme standartn\u00ed p\u016fj\u010dovna s vlastn\u00edmi obytn\u00fdmi vozy a karavany v Tluma\u010dov\u011b.\",\"breadcrumb\":{\"@id\":\"https:\\\/\\\/tripahead.cz\\\/aktuality\\\/#breadcrumb\"},\"inLanguage\":\"en-GB\",\"potentialAction\":[{\"@type\":\"ReadAction\",\"target\":[\"https:\\\/\\\/tripahead.cz\\\/aktuality\\\/\"]}]},{\"@type\":\"BreadcrumbList\",\"@id\":\"https:\\\/\\\/tripahead.cz\\\/aktuality\\\/#breadcrumb\",\"itemListElement\":[{\"@type\":\"ListItem\",\"position\":1,\"name\":\"Dom\u016f\",\"item\":\"https:\\\/\\\/tripahead.cz\\\/\"},{\"@type\":\"ListItem\",\"position\":2,\"name\":\"Aktuality a tipy\"}]},{\"@type\":\"WebSite\",\"@id\":\"https:\\\/\\\/tripahead.cz\\\/#website\",\"url\":\"https:\\\/\\\/tripahead.cz\\\/\",\"name\":\"Trip ahead\",\"description\":\"P\u016fj\u010dovna obytn\u00fdch aut a karavan\u016f\",\"publisher\":{\"@id\":\"https:\\\/\\\/tripahead.cz\\\/#organization\"},\"potentialAction\":[{\"@type\":\"SearchAction\",\"target\":{\"@type\":\"EntryPoint\",\"urlTemplate\":\"https:\\\/\\\/tripahead.cz\\\/?s={search_term_string}\"},\"query-input\":{\"@type\":\"PropertyValueSpecification\",\"valueRequired\":true,\"valueName\":\"search_term_string\"}}],\"inLanguage\":\"en-GB\"},{\"@type\":\"Organization\",\"@id\":\"https:\\\/\\\/tripahead.cz\\\/#organization\",\"name\":\"JS economy solution, s.r.o.\",\"url\":\"https:\\\/\\\/tripahead.cz\\\/\",\"logo\":{\"@type\":\"ImageObject\",\"inLanguage\":\"en-GB\",\"@id\":\"https:\\\/\\\/tripahead.cz\\\/#\\\/schema\\\/logo\\\/image\\\/\",\"url\":\"https:\\\/\\\/tripahead.cz\\\/wp-content\\\/uploads\\\/2022\\\/06\\\/logo.png\",\"contentUrl\":\"https:\\\/\\\/tripahead.cz\\\/wp-content\\\/uploads\\\/2022\\\/06\\\/logo.png\",\"width\":1280,\"height\":1280,\"caption\":\"JS economy solution, s.r.o.\"},\"image\":{\"@id\":\"https:\\\/\\\/tripahead.cz\\\/#\\\/schema\\\/logo\\\/image\\\/\"},\"sameAs\":[\"https:\\\/\\\/www.facebook.com\\\/Trip-ahead-pjovna-obytnch-aut-a-karavan-107844905267504\"]}]}<\/script>\n<!-- \/ Yoast SEO plugin. -->","yoast_head_json":{"title":"Aktuality a tipy - Trip ahead","description":"Zm\u011b\u0148te zp\u016fsob cestov\u00e1n\u00ed, bu\u010fte bl\u00ed\u017ee p\u0159\u00edrod\u011b. Jsme standartn\u00ed p\u016fj\u010dovna s vlastn\u00edmi obytn\u00fdmi vozy a karavany v Tluma\u010dov\u011b.","robots":{"index":"index","follow":"follow","max-snippet":"max-snippet:-1","max-image-preview":"max-image-preview:large","max-video-preview":"max-video-preview:-1"},"canonical":"https:\/\/tripahead.cz\/en\/aktuality\/","og_locale":"en_GB","og_type":"article","og_title":"Trip ahead p\u016fj\u010dovna obytn\u00fdch voz\u016f a karavan\u016f Tluma\u010dov","og_description":"Zm\u011b\u0148te zp\u016fsob cestov\u00e1n\u00ed, bu\u010fte bl\u00ed\u017ee p\u0159\u00edrod\u011b. Jsme standartn\u00ed p\u016fj\u010dovna s vlastn\u00edmi obytn\u00fdmi vozy a karavany v Tluma\u010dov\u011b.","og_url":"https:\/\/tripahead.cz\/en\/aktuality\/","og_site_name":"Trip ahead","article_publisher":"https:\/\/www.facebook.com\/Trip-ahead-pjovna-obytnch-aut-a-karavan-107844905267504","article_modified_time":"2026-02-16T21:11:40+00:00","og_image":[{"width":2560,"height":1920,"url":"https:\/\/tripahead.cz\/wp-content\/uploads\/2022\/06\/IMG_9447-1-scaled.jpg","type":"image\/jpeg"}],"twitter_card":"summary_large_image","schema":{"@context":"https:\/\/schema.org","@graph":[{"@type":"WebPage","@id":"https:\/\/tripahead.cz\/aktuality\/","url":"https:\/\/tripahead.cz\/aktuality\/","name":"Aktuality a tipy - Trip ahead","isPartOf":{"@id":"https:\/\/tripahead.cz\/#website"},"datePublished":"2022-06-22T07:10:07+00:00","dateModified":"2026-02-16T21:11:40+00:00","description":"Zm\u011b\u0148te zp\u016fsob cestov\u00e1n\u00ed, bu\u010fte bl\u00ed\u017ee p\u0159\u00edrod\u011b. Jsme standartn\u00ed p\u016fj\u010dovna s vlastn\u00edmi obytn\u00fdmi vozy a karavany v Tluma\u010dov\u011b.","breadcrumb":{"@id":"https:\/\/tripahead.cz\/aktuality\/#breadcrumb"},"inLanguage":"en-GB","potentialAction":[{"@type":"ReadAction","target":["https:\/\/tripahead.cz\/aktuality\/"]}]},{"@type":"BreadcrumbList","@id":"https:\/\/tripahead.cz\/aktuality\/#breadcrumb","itemListElement":[{"@type":"ListItem","position":1,"name":"Dom\u016f","item":"https:\/\/tripahead.cz\/"},{"@type":"ListItem","position":2,"name":"Aktuality a tipy"}]},{"@type":"WebSite","@id":"https:\/\/tripahead.cz\/#website","url":"https:\/\/tripahead.cz\/","name":"Trip ahead","description":"P\u016fj\u010dovna obytn\u00fdch aut a karavan\u016f","publisher":{"@id":"https:\/\/tripahead.cz\/#organization"},"potentialAction":[{"@type":"SearchAction","target":{"@type":"EntryPoint","urlTemplate":"https:\/\/tripahead.cz\/?s={search_term_string}"},"query-input":{"@type":"PropertyValueSpecification","valueRequired":true,"valueName":"search_term_string"}}],"inLanguage":"en-GB"},{"@type":"Organization","@id":"https:\/\/tripahead.cz\/#organization","name":"JS economy solution, s.r.o.","url":"https:\/\/tripahead.cz\/","logo":{"@type":"ImageObject","inLanguage":"en-GB","@id":"https:\/\/tripahead.cz\/#\/schema\/logo\/image\/","url":"https:\/\/tripahead.cz\/wp-content\/uploads\/2022\/06\/logo.png","contentUrl":"https:\/\/tripahead.cz\/wp-content\/uploads\/2022\/06\/logo.png","width":1280,"height":1280,"caption":"JS economy solution, s.r.o."},"image":{"@id":"https:\/\/tripahead.cz\/#\/schema\/logo\/image\/"},"sameAs":["https:\/\/www.facebook.com\/Trip-ahead-pjovna-obytnch-aut-a-karavan-107844905267504"]}]}},"_links":{"self":[{"href":"https:\/\/tripahead.cz\/en\/wp-json\/wp\/v2\/pages\/8462","targetHints":{"allow":["GET"]}}],"collection":[{"href":"https:\/\/tripahead.cz\/en\/wp-json\/wp\/v2\/pages"}],"about":[{"href":"https:\/\/tripahead.cz\/en\/wp-json\/wp\/v2\/types\/page"}],"author":[{"embeddable":true,"href":"https:\/\/tripahead.cz\/en\/wp-json\/wp\/v2\/users\/1"}],"replies":[{"embeddable":true,"href":"https:\/\/tripahead.cz\/en\/wp-json\/wp\/v2\/comments?post=8462"}],"version-history":[{"count":52,"href":"https:\/\/tripahead.cz\/en\/wp-json\/wp\/v2\/pages\/8462\/revisions"}],"predecessor-version":[{"id":9512,"href":"https:\/\/tripahead.cz\/en\/wp-json\/wp\/v2\/pages\/8462\/revisions\/9512"}],"wp:attachment":[{"href":"https:\/\/tripahead.cz\/en\/wp-json\/wp\/v2\/media?parent=8462"}],"curies":[{"name":"wp","href":"https:\/\/api.w.org\/{rel}","templated":true}]}}